{"id":581,"date":"2024-09-08T15:37:55","date_gmt":"2024-09-08T15:37:55","guid":{"rendered":"https:\/\/blogs.uem.mz\/?page_id=581"},"modified":"2024-10-17T13:10:54","modified_gmt":"2024-10-17T13:10:54","slug":"noticias","status":"publish","type":"page","link":"https:\/\/www.marine.uem.mz\/index.php\/noticias\/","title":{"rendered":"Not\u00edcias"},"content":{"rendered":"\t\t<div data-elementor-type=\"wp-page\" data-elementor-id=\"581\" class=\"elementor elementor-581\" data-elementor-post-type=\"page\">\n\t\t\t\t<div class=\"elementor-element elementor-element-accbbc5 e-flex e-con-boxed e-con e-parent\" data-id=\"accbbc5\" data-element_type=\"container\">\n\t\t\t\t\t<div class=\"e-con-inner\">\n\t\t\t\t<div class=\"elementor-element elementor-element-80788bd elementor-grid-3 elementor-grid-tablet-2 elementor-grid-mobile-1 elementor-posts--thumbnail-top elementor-card-shadow-yes elementor-posts__hover-gradient load-more-align-center elementor-widget elementor-widget-posts\" data-id=\"80788bd\" data-element_type=\"widget\" data-settings=\"{&quot;pagination_type&quot;:&quot;load_more_on_click&quot;,&quot;cards_columns&quot;:&quot;3&quot;,&quot;cards_columns_tablet&quot;:&quot;2&quot;,&quot;cards_columns_mobile&quot;:&quot;1&quot;,&quot;cards_row_gap&quot;:{&quot;unit&quot;:&quot;px&quot;,&quot;size&quot;:35,&quot;sizes&quot;:[]},&quot;cards_row_gap_tablet&quot;:{&quot;unit&quot;:&quot;px&quot;,&quot;size&quot;:&quot;&quot;,&quot;sizes&quot;:[]},&quot;cards_row_gap_mobile&quot;:{&quot;unit&quot;:&quot;px&quot;,&quot;size&quot;:&quot;&quot;,&quot;sizes&quot;:[]},&quot;load_more_spinner&quot;:{&quot;value&quot;:&quot;fas fa-spinner&quot;,&quot;library&quot;:&quot;fa-solid&quot;}}\" data-widget_type=\"posts.cards\">\n\t\t\t\t<div class=\"elementor-widget-container\">\n\t\t\t<link rel=\"stylesheet\" href=\"https:\/\/www.marine.uem.mz\/wp-content\/plugins\/elementor-pro\/assets\/css\/widget-posts.min.css?ver=1729159663\">\t\t<div class=\"elementor-posts-container elementor-posts elementor-posts--skin-cards elementor-grid\">\n\t\t\t\t<article class=\"elementor-post elementor-grid-item post-1559 post type-post status-publish format-standard has-post-thumbnail hentry category-noticias tag-bcss tag-climate-model tag-tuna-fisheires\">\n\t\t\t<div class=\"elementor-post__card\">\n\t\t\t\t<a class=\"elementor-post__thumbnail__link\" href=\"https:\/\/www.marine.uem.mz\/index.php\/2026\/04\/17\/clima-em-transformacao-pode-redesenhar-o-futuro-das-pescarias-de-atum-tropical\/\" tabindex=\"-1\" ><div class=\"elementor-post__thumbnail\"><img decoding=\"async\" width=\"300\" height=\"139\" src=\"https:\/\/www.marine.uem.mz\/wp-content\/uploads\/2026\/04\/Cossaeta2026-300x139.jpg\" class=\"attachment-medium size-medium wp-image-1560\" alt=\"\" srcset=\"https:\/\/www.marine.uem.mz\/wp-content\/uploads\/2026\/04\/Cossaeta2026-300x139.jpg 300w, https:\/\/www.marine.uem.mz\/wp-content\/uploads\/2026\/04\/Cossaeta2026.jpg 624w\" sizes=\"(max-width: 300px) 100vw, 300px\" \/><\/div><\/a>\n\t\t\t\t<div class=\"elementor-post__badge\">Not\u00edcias<\/div>\n\t\t\t\t<div class=\"elementor-post__text\">\n\t\t\t\t<h3 class=\"elementor-post__title\">\n\t\t\t<a href=\"https:\/\/www.marine.uem.mz\/index.php\/2026\/04\/17\/clima-em-transformacao-pode-redesenhar-o-futuro-das-pescarias-de-atum-tropical\/\" >\n\t\t\t\tClima em transforma\u00e7\u00e3o pode redesenhar o futuro das pescarias de atum tropical\t\t\t<\/a>\n\t\t<\/h3>\n\t\t\t\t<div class=\"elementor-post__excerpt\">\n\t\t\t<p>Um novo estudo da ESCMC, em colabora\u00e7\u00e3o com o Bazaruto Center for Scientific Studies, revela que o aquecimento dos oceanos e mudan\u00e7as na produtividade prim\u00e1ria podem reorganizar os territ\u00f3rios de pesca do atum listado (Katsuwonus pelamis) no Oceano \u00cdndico. Analisando<\/p>\n\t\t<\/div>\n\t\t\n\t\t<a class=\"elementor-post__read-more\" href=\"https:\/\/www.marine.uem.mz\/index.php\/2026\/04\/17\/clima-em-transformacao-pode-redesenhar-o-futuro-das-pescarias-de-atum-tropical\/\" aria-label=\"Read more about Clima em transforma\u00e7\u00e3o pode redesenhar o futuro das pescarias de atum tropical\" tabindex=\"-1\" >\n\t\t\tLer mais \u00bb\t\t<\/a>\n\n\t\t\t\t<\/div>\n\t\t\t\t<div class=\"elementor-post__meta-data\">\n\t\t\t\t\t<span class=\"elementor-post-date\">\n\t\t\tApril 17, 2026\t\t<\/span>\n\t\t\t\t<\/div>\n\t\t\t\t\t<\/div>\n\t\t<\/article>\n\t\t\t\t<article class=\"elementor-post elementor-grid-item post-1549 post type-post status-publish format-standard has-post-thumbnail hentry category-noticias\">\n\t\t\t<div class=\"elementor-post__card\">\n\t\t\t\t<a class=\"elementor-post__thumbnail__link\" href=\"https:\/\/www.marine.uem.mz\/index.php\/2026\/04\/10\/tembe_etal2026\/\" tabindex=\"-1\" ><div class=\"elementor-post__thumbnail\"><img fetchpriority=\"high\" decoding=\"async\" width=\"258\" height=\"300\" src=\"https:\/\/www.marine.uem.mz\/wp-content\/uploads\/2026\/04\/Fig_6b-258x300.jpg\" class=\"attachment-medium size-medium wp-image-1553\" alt=\"\" srcset=\"https:\/\/www.marine.uem.mz\/wp-content\/uploads\/2026\/04\/Fig_6b-258x300.jpg 258w, https:\/\/www.marine.uem.mz\/wp-content\/uploads\/2026\/04\/Fig_6b-881x1024.jpg 881w, https:\/\/www.marine.uem.mz\/wp-content\/uploads\/2026\/04\/Fig_6b-768x893.jpg 768w, https:\/\/www.marine.uem.mz\/wp-content\/uploads\/2026\/04\/Fig_6b.jpg 900w\" sizes=\"(max-width: 258px) 100vw, 258px\" \/><\/div><\/a>\n\t\t\t\t<div class=\"elementor-post__badge\">Not\u00edcias<\/div>\n\t\t\t\t<div class=\"elementor-post__text\">\n\t\t\t\t<h3 class=\"elementor-post__title\">\n\t\t\t<a href=\"https:\/\/www.marine.uem.mz\/index.php\/2026\/04\/10\/tembe_etal2026\/\" >\n\t\t\t\tNovo estudo revela como caranguejos azuis compartilham o estu\u00e1rio!\t\t\t<\/a>\n\t\t<\/h3>\n\t\t\t\t<div class=\"elementor-post__excerpt\">\n\t\t\t<p>Pesquisadores da ESCMC (Mo\u00e7ambique) e universidades do Brasil investigaram a distribui\u00e7\u00e3o espacial de duas esp\u00e9cies de caranguejo azul \u2014 Callinectes danae e C. sapidus \u2014 no Sistema Estuarino de Laguna, sul do Brasil. Durante 18 meses de monitoramento, os cientistas<\/p>\n\t\t<\/div>\n\t\t\n\t\t<a class=\"elementor-post__read-more\" href=\"https:\/\/www.marine.uem.mz\/index.php\/2026\/04\/10\/tembe_etal2026\/\" aria-label=\"Read more about Novo estudo revela como caranguejos azuis compartilham o estu\u00e1rio!\" tabindex=\"-1\" >\n\t\t\tLer mais \u00bb\t\t<\/a>\n\n\t\t\t\t<\/div>\n\t\t\t\t<div class=\"elementor-post__meta-data\">\n\t\t\t\t\t<span class=\"elementor-post-date\">\n\t\t\tApril 10, 2026\t\t<\/span>\n\t\t\t\t<\/div>\n\t\t\t\t\t<\/div>\n\t\t<\/article>\n\t\t\t\t<article class=\"elementor-post elementor-grid-item post-1533 post type-post status-publish format-standard has-post-thumbnail hentry category-noticias tag-bloom tag-fitoplancton tag-mecowio\">\n\t\t\t<div class=\"elementor-post__card\">\n\t\t\t\t<a class=\"elementor-post__thumbnail__link\" href=\"https:\/\/www.marine.uem.mz\/index.php\/2026\/03\/30\/arens_etal2026\/\" tabindex=\"-1\" ><div class=\"elementor-post__thumbnail\"><img decoding=\"async\" width=\"300\" height=\"281\" src=\"https:\/\/www.marine.uem.mz\/wp-content\/uploads\/2026\/03\/ArensFig-300x281.png\" class=\"attachment-medium size-medium wp-image-1534\" alt=\"\" srcset=\"https:\/\/www.marine.uem.mz\/wp-content\/uploads\/2026\/03\/ArensFig-300x281.png 300w, https:\/\/www.marine.uem.mz\/wp-content\/uploads\/2026\/03\/ArensFig-1024x959.png 1024w, https:\/\/www.marine.uem.mz\/wp-content\/uploads\/2026\/03\/ArensFig-768x719.png 768w, https:\/\/www.marine.uem.mz\/wp-content\/uploads\/2026\/03\/ArensFig.png 1316w\" sizes=\"(max-width: 300px) 100vw, 300px\" \/><\/div><\/a>\n\t\t\t\t<div class=\"elementor-post__badge\">Not\u00edcias<\/div>\n\t\t\t\t<div class=\"elementor-post__text\">\n\t\t\t\t<h3 class=\"elementor-post__title\">\n\t\t\t<a href=\"https:\/\/www.marine.uem.mz\/index.php\/2026\/03\/30\/arens_etal2026\/\" >\n\t\t\t\tNovo estudo revela regi\u00f5es de flora\u00e7\u00e3o (bloom) de fitopl\u00e2ncton no SW \u00cdndico!\t\t\t<\/a>\n\t\t<\/h3>\n\t\t\t\t<div class=\"elementor-post__excerpt\">\n\t\t\t<p>Pesquisadores de Mo\u00e7ambique e Fran\u00e7a analisaram 22 anos de observa\u00e7\u00f5es por sat\u00e9lite de clorofila-a \u2014 indicador da biomassa de fitopl\u00e2ncton \u2014 e identificaram seis \u201cfenorregi\u00f5es\u201d distintas no Sudoeste do Oceano \u00cdndico. Essas regi\u00f5es se diferenciam pelo timing e frequ\u00eancia das<\/p>\n\t\t<\/div>\n\t\t\n\t\t<a class=\"elementor-post__read-more\" href=\"https:\/\/www.marine.uem.mz\/index.php\/2026\/03\/30\/arens_etal2026\/\" aria-label=\"Read more about Novo estudo revela regi\u00f5es de flora\u00e7\u00e3o (bloom) de fitopl\u00e2ncton no SW \u00cdndico!\" tabindex=\"-1\" >\n\t\t\tLer mais \u00bb\t\t<\/a>\n\n\t\t\t\t<\/div>\n\t\t\t\t<div class=\"elementor-post__meta-data\">\n\t\t\t\t\t<span class=\"elementor-post-date\">\n\t\t\tMarch 30, 2026\t\t<\/span>\n\t\t\t\t<\/div>\n\t\t\t\t\t<\/div>\n\t\t<\/article>\n\t\t\t\t<article class=\"elementor-post elementor-grid-item post-1529 post type-post status-publish format-standard has-post-thumbnail hentry category-noticias tag-combate-as-drogas tag-palestra\">\n\t\t\t<div class=\"elementor-post__card\">\n\t\t\t\t<a class=\"elementor-post__thumbnail__link\" href=\"https:\/\/www.marine.uem.mz\/index.php\/2026\/03\/25\/escmc-acolhe-palestra-sobre-prevencao-e-combate-ao-consumo-de-drogas\/\" tabindex=\"-1\" ><div class=\"elementor-post__thumbnail\"><img loading=\"lazy\" decoding=\"async\" width=\"300\" height=\"182\" src=\"https:\/\/www.marine.uem.mz\/wp-content\/uploads\/2026\/03\/palestra_GPCDa-300x182.jpg\" class=\"attachment-medium size-medium wp-image-1530\" alt=\"\" srcset=\"https:\/\/www.marine.uem.mz\/wp-content\/uploads\/2026\/03\/palestra_GPCDa-300x182.jpg 300w, https:\/\/www.marine.uem.mz\/wp-content\/uploads\/2026\/03\/palestra_GPCDa-768x467.jpg 768w, https:\/\/www.marine.uem.mz\/wp-content\/uploads\/2026\/03\/palestra_GPCDa.jpg 800w\" sizes=\"(max-width: 300px) 100vw, 300px\" \/><\/div><\/a>\n\t\t\t\t<div class=\"elementor-post__badge\">Not\u00edcias<\/div>\n\t\t\t\t<div class=\"elementor-post__text\">\n\t\t\t\t<h3 class=\"elementor-post__title\">\n\t\t\t<a href=\"https:\/\/www.marine.uem.mz\/index.php\/2026\/03\/25\/escmc-acolhe-palestra-sobre-prevencao-e-combate-ao-consumo-de-drogas\/\" >\n\t\t\t\tESCMC acolhe palestra sobre preven\u00e7\u00e3o e combate ao consumo de drogas\t\t\t<\/a>\n\t\t<\/h3>\n\t\t\t\t<div class=\"elementor-post__excerpt\">\n\t\t\t<p>No passado dia 20 de mar\u00e7o, a Escola Superior de Ci\u00eancias Marinhas e Costeiras (ESCMC) acolheu uma palestra promovida pelo Gabinete de Preven\u00e7\u00e3o e Combate \u00e0 Droga, com o objectivo de sensibilizar a comunidade acad\u00e9mica para os riscos associados ao<\/p>\n\t\t<\/div>\n\t\t\n\t\t<a class=\"elementor-post__read-more\" href=\"https:\/\/www.marine.uem.mz\/index.php\/2026\/03\/25\/escmc-acolhe-palestra-sobre-prevencao-e-combate-ao-consumo-de-drogas\/\" aria-label=\"Read more about ESCMC acolhe palestra sobre preven\u00e7\u00e3o e combate ao consumo de drogas\" tabindex=\"-1\" >\n\t\t\tLer mais \u00bb\t\t<\/a>\n\n\t\t\t\t<\/div>\n\t\t\t\t<div class=\"elementor-post__meta-data\">\n\t\t\t\t\t<span class=\"elementor-post-date\">\n\t\t\tMarch 25, 2026\t\t<\/span>\n\t\t\t\t<\/div>\n\t\t\t\t\t<\/div>\n\t\t<\/article>\n\t\t\t\t<article class=\"elementor-post elementor-grid-item post-913 post type-post status-publish format-standard has-post-thumbnail hentry category-noticias\">\n\t\t\t<div class=\"elementor-post__card\">\n\t\t\t\t<a class=\"elementor-post__thumbnail__link\" href=\"https:\/\/www.marine.uem.mz\/index.php\/2025\/07\/16\/estuario-dos-bons-sinais-abriga-uma-comunidade-piscicola-rica-e-de-importancia-socioeconomica-revela-novo-estudo\/\" tabindex=\"-1\" ><div class=\"elementor-post__thumbnail\"><img loading=\"lazy\" decoding=\"async\" width=\"300\" height=\"225\" src=\"https:\/\/www.marine.uem.mz\/wp-content\/uploads\/2025\/07\/20230506_115943-300x225.jpg\" class=\"attachment-medium size-medium wp-image-1055\" alt=\"\" srcset=\"https:\/\/www.marine.uem.mz\/wp-content\/uploads\/2025\/07\/20230506_115943-300x225.jpg 300w, https:\/\/www.marine.uem.mz\/wp-content\/uploads\/2025\/07\/20230506_115943-1024x768.jpg 1024w, https:\/\/www.marine.uem.mz\/wp-content\/uploads\/2025\/07\/20230506_115943-768x576.jpg 768w, https:\/\/www.marine.uem.mz\/wp-content\/uploads\/2025\/07\/20230506_115943-1536x1152.jpg 1536w, https:\/\/www.marine.uem.mz\/wp-content\/uploads\/2025\/07\/20230506_115943-2048x1536.jpg 2048w\" sizes=\"(max-width: 300px) 100vw, 300px\" \/><\/div><\/a>\n\t\t\t\t<div class=\"elementor-post__badge\">Not\u00edcias<\/div>\n\t\t\t\t<div class=\"elementor-post__text\">\n\t\t\t\t<h3 class=\"elementor-post__title\">\n\t\t\t<a href=\"https:\/\/www.marine.uem.mz\/index.php\/2025\/07\/16\/estuario-dos-bons-sinais-abriga-uma-comunidade-piscicola-rica-e-de-importancia-socioeconomica-revela-novo-estudo\/\" >\n\t\t\t\tEstu\u00e1rio dos Bons Sinais abriga uma comunidade pisc\u00edcola rica e de import\u00e2ncia socioecon\u00f3mica, revela novo estudo!\t\t\t<\/a>\n\t\t<\/h3>\n\t\t\t\t<div class=\"elementor-post__excerpt\">\n\t\t\t<p>Um novo estudo revelou a rica biodiversidade e a import\u00e2ncia ecol\u00f3gica do Estu\u00e1rio dos Bons Sinais, no centro de Mo\u00e7ambique. Investigadores da Escola Superior de Ci\u00eancias Marinhas e Costeiras da Universidade Eduardo Mondlane e da Universidade do Algarve identificaram 102<\/p>\n\t\t<\/div>\n\t\t\n\t\t<a class=\"elementor-post__read-more\" href=\"https:\/\/www.marine.uem.mz\/index.php\/2025\/07\/16\/estuario-dos-bons-sinais-abriga-uma-comunidade-piscicola-rica-e-de-importancia-socioeconomica-revela-novo-estudo\/\" aria-label=\"Read more about Estu\u00e1rio dos Bons Sinais abriga uma comunidade pisc\u00edcola rica e de import\u00e2ncia socioecon\u00f3mica, revela novo estudo!\" tabindex=\"-1\" >\n\t\t\tLer mais \u00bb\t\t<\/a>\n\n\t\t\t\t<\/div>\n\t\t\t\t<div class=\"elementor-post__meta-data\">\n\t\t\t\t\t<span class=\"elementor-post-date\">\n\t\t\tJuly 16, 2025\t\t<\/span>\n\t\t\t\t<\/div>\n\t\t\t\t\t<\/div>\n\t\t<\/article>\n\t\t\t\t<article class=\"elementor-post elementor-grid-item post-936 post type-post status-publish format-standard has-post-thumbnail hentry category-noticias\">\n\t\t\t<div class=\"elementor-post__card\">\n\t\t\t\t<a class=\"elementor-post__thumbnail__link\" href=\"https:\/\/www.marine.uem.mz\/index.php\/2025\/07\/15\/novo-estudo-revela-correntes-que-levam-nutrientes-da-costa-ao-alto-mar\/\" tabindex=\"-1\" ><div class=\"elementor-post__thumbnail\"><img loading=\"lazy\" decoding=\"async\" width=\"300\" height=\"225\" src=\"https:\/\/www.marine.uem.mz\/wp-content\/uploads\/2025\/07\/filamentos2-300x225.png\" class=\"attachment-medium size-medium wp-image-960\" alt=\"\" srcset=\"https:\/\/www.marine.uem.mz\/wp-content\/uploads\/2025\/07\/filamentos2-300x225.png 300w, https:\/\/www.marine.uem.mz\/wp-content\/uploads\/2025\/07\/filamentos2.png 480w\" sizes=\"(max-width: 300px) 100vw, 300px\" \/><\/div><\/a>\n\t\t\t\t<div class=\"elementor-post__badge\">Not\u00edcias<\/div>\n\t\t\t\t<div class=\"elementor-post__text\">\n\t\t\t\t<h3 class=\"elementor-post__title\">\n\t\t\t<a href=\"https:\/\/www.marine.uem.mz\/index.php\/2025\/07\/15\/novo-estudo-revela-correntes-que-levam-nutrientes-da-costa-ao-alto-mar\/\" >\n\t\t\t\tNovo estudo revela correntes que levam nutrientes da costa ao alto-Mar!\t\t\t<\/a>\n\t\t<\/h3>\n\t\t\t\t<div class=\"elementor-post__excerpt\">\n\t\t\t<p>Durante a expedi\u00e7\u00e3o RESILIENCE a bordo do navio Marion Dufresne II, cientistas de Mo\u00e7ambique, Fran\u00e7a e \u00c1frica do Sul investigaram uma estrutura oce\u00e2nica rara: um dipolo de mesoescala, formado por um anel anticicl\u00f3nico e um redemoinho cicl\u00f3nico. Esse sistema din\u00e2mico,<\/p>\n\t\t<\/div>\n\t\t\n\t\t<a class=\"elementor-post__read-more\" href=\"https:\/\/www.marine.uem.mz\/index.php\/2025\/07\/15\/novo-estudo-revela-correntes-que-levam-nutrientes-da-costa-ao-alto-mar\/\" aria-label=\"Read more about Novo estudo revela correntes que levam nutrientes da costa ao alto-Mar!\" tabindex=\"-1\" >\n\t\t\tLer mais \u00bb\t\t<\/a>\n\n\t\t\t\t<\/div>\n\t\t\t\t<div class=\"elementor-post__meta-data\">\n\t\t\t\t\t<span class=\"elementor-post-date\">\n\t\t\tJuly 15, 2025\t\t<\/span>\n\t\t\t\t<\/div>\n\t\t\t\t\t<\/div>\n\t\t<\/article>\n\t\t\t\t<article class=\"elementor-post elementor-grid-item post-184 post type-post status-publish format-standard has-post-thumbnail hentry category-noticias\">\n\t\t\t<div class=\"elementor-post__card\">\n\t\t\t\t<a class=\"elementor-post__thumbnail__link\" href=\"https:\/\/www.marine.uem.mz\/index.php\/2024\/09\/07\/universidade-deve-perceber-as-dinamicas-do-mercado-defendem-painelistas\/\" tabindex=\"-1\" ><div class=\"elementor-post__thumbnail\"><img loading=\"lazy\" decoding=\"async\" width=\"300\" height=\"187\" src=\"https:\/\/www.marine.uem.mz\/wp-content\/uploads\/2024\/09\/empregabilidade_dos_graduados_da_uem.jpg\" class=\"attachment-medium size-medium wp-image-186\" alt=\"\" \/><\/div><\/a>\n\t\t\t\t<div class=\"elementor-post__badge\">Not\u00edcias<\/div>\n\t\t\t\t<div class=\"elementor-post__text\">\n\t\t\t\t<h3 class=\"elementor-post__title\">\n\t\t\t<a href=\"https:\/\/www.marine.uem.mz\/index.php\/2024\/09\/07\/universidade-deve-perceber-as-dinamicas-do-mercado-defendem-painelistas\/\" >\n\t\t\t\tUniversidade deve perceber as din\u00e2micas do mercado: defendem painelistas\t\t\t<\/a>\n\t\t<\/h3>\n\t\t\t\t<div class=\"elementor-post__excerpt\">\n\t\t\t<p>O Engenheiro Rog\u00e9rio Samo Gudo, PCA do MCNET, defendeu o esp\u00edrito empreendedor e inovador nos graduados, para aumentarem as suas possibilidades em adquirirem e se manterem no emprego. Samo Gudo apelou aos formados que procurem, primeiro, as pequenas empresas para<\/p>\n\t\t<\/div>\n\t\t\n\t\t<a class=\"elementor-post__read-more\" href=\"https:\/\/www.marine.uem.mz\/index.php\/2024\/09\/07\/universidade-deve-perceber-as-dinamicas-do-mercado-defendem-painelistas\/\" aria-label=\"Read more about Universidade deve perceber as din\u00e2micas do mercado: defendem painelistas\" tabindex=\"-1\" >\n\t\t\tLer mais \u00bb\t\t<\/a>\n\n\t\t\t\t<\/div>\n\t\t\t\t<div class=\"elementor-post__meta-data\">\n\t\t\t\t\t<span class=\"elementor-post-date\">\n\t\t\tSeptember 7, 2024\t\t<\/span>\n\t\t\t\t<\/div>\n\t\t\t\t\t<\/div>\n\t\t<\/article>\n\t\t\t\t<\/div>\n\t\t\t\t\t<span class=\"e-load-more-spinner\">\n\t\t\t\t<svg aria-hidden=\"true\" class=\"e-font-icon-svg e-fas-spinner\" viewBox=\"0 0 512 512\" xmlns=\"http:\/\/www.w3.org\/2000\/svg\"><path d=\"M304 48c0 26.51-21.49 48-48 48s-48-21.49-48-48 21.49-48 48-48 48 21.49 48 48zm-48 368c-26.51 0-48 21.49-48 48s21.49 48 48 48 48-21.49 48-48-21.49-48-48-48zm208-208c-26.51 0-48 21.49-48 48s21.49 48 48 48 48-21.49 48-48-21.49-48-48-48zM96 256c0-26.51-21.49-48-48-48S0 229.49 0 256s21.49 48 48 48 48-21.49 48-48zm12.922 99.078c-26.51 0-48 21.49-48 48s21.49 48 48 48 48-21.49 48-48c0-26.509-21.491-48-48-48zm294.156 0c-26.51 0-48 21.49-48 48s21.49 48 48 48 48-21.49 48-48c0-26.509-21.49-48-48-48zM108.922 60.922c-26.51 0-48 21.49-48 48s21.49 48 48 48 48-21.49 48-48-21.491-48-48-48z\"><\/path><\/svg>\t\t\t<\/span>\n\t\t\n\t\t\t\t<\/div>\n\t\t\t\t<\/div>\n\t\t\t\t\t<\/div>\n\t\t\t\t<\/div>\n\t\t\t\t<\/div>\n\t\t","protected":false},"excerpt":{"rendered":"","protected":false},"author":1,"featured_media":0,"parent":0,"menu_order":0,"comment_status":"closed","ping_status":"closed","template":"elementor_header_footer","meta":{"site-sidebar-layout":"no-sidebar","site-content-layout":"","ast-site-content-layout":"full-width-container","site-content-style":"default","site-sidebar-style":"default","ast-global-header-display":"","ast-banner-title-visibility":"","ast-main-header-display":"","ast-hfb-above-header-display":"","ast-hfb-below-header-display":"","ast-hfb-mobile-header-display":"","site-post-title":"disabled","ast-breadcrumbs-content":"","ast-featured-img":"disabled","footer-sml-layout":"","theme-transparent-header-meta":"","adv-header-id-meta":"","stick-header-meta":"","header-above-stick-meta":"","header-main-stick-meta":"","header-below-stick-meta":"","astra-migrate-meta-layouts":"default","ast-page-background-enabled":"default","ast-page-background-meta":{"desktop":{"background-color":"var(--ast-global-color-4)","background-image":"","background-repeat":"repeat","background-position":"center center","background-size":"auto","background-attachment":"scroll","background-type":"","background-media":"","overlay-type":"","overlay-color":"","overlay-opacity":"","overlay-gradient":""},"tablet":{"background-color":"","background-image":"","background-repeat":"repeat","background-position":"center center","background-size":"auto","background-attachment":"scroll","background-type":"","background-media":"","overlay-type":"","overlay-color":"","overlay-opacity":"","overlay-gradient":""},"mobile":{"background-color":"","background-image":"","background-repeat":"repeat","background-position":"center center","background-size":"auto","background-attachment":"scroll","background-type":"","background-media":"","overlay-type":"","overlay-color":"","overlay-opacity":"","overlay-gradient":""}},"ast-content-background-meta":{"desktop":{"background-color":"var(--ast-global-color-5)","background-image":"","background-repeat":"repeat","background-position":"center center","background-size":"auto","background-attachment":"scroll","background-type":"","background-media":"","overlay-type":"","overlay-color":"","overlay-opacity":"","overlay-gradient":""},"tablet":{"background-color":"var(--ast-global-color-5)","background-image":"","background-repeat":"repeat","background-position":"center center","background-size":"auto","background-attachment":"scroll","background-type":"","background-media":"","overlay-type":"","overlay-color":"","overlay-opacity":"","overlay-gradient":""},"mobile":{"background-color":"var(--ast-global-color-5)","background-image":"","background-repeat":"repeat","background-position":"center center","background-size":"auto","background-attachment":"scroll","background-type":"","background-media":"","overlay-type":"","overlay-color":"","overlay-opacity":"","overlay-gradient":""}},"footnotes":""},"class_list":["post-581","page","type-page","status-publish","hentry"],"_links":{"self":[{"href":"https:\/\/www.marine.uem.mz\/index.php\/wp-json\/wp\/v2\/pages\/581","targetHints":{"allow":["GET"]}}],"collection":[{"href":"https:\/\/www.marine.uem.mz\/index.php\/wp-json\/wp\/v2\/pages"}],"about":[{"href":"https:\/\/www.marine.uem.mz\/index.php\/wp-json\/wp\/v2\/types\/page"}],"author":[{"embeddable":true,"href":"https:\/\/www.marine.uem.mz\/index.php\/wp-json\/wp\/v2\/users\/1"}],"replies":[{"embeddable":true,"href":"https:\/\/www.marine.uem.mz\/index.php\/wp-json\/wp\/v2\/comments?post=581"}],"version-history":[{"count":13,"href":"https:\/\/www.marine.uem.mz\/index.php\/wp-json\/wp\/v2\/pages\/581\/revisions"}],"predecessor-version":[{"id":842,"href":"https:\/\/www.marine.uem.mz\/index.php\/wp-json\/wp\/v2\/pages\/581\/revisions\/842"}],"wp:attachment":[{"href":"https:\/\/www.marine.uem.mz\/index.php\/wp-json\/wp\/v2\/media?parent=581"}],"curies":[{"name":"wp","href":"https:\/\/api.w.org\/{rel}","templated":true}]}}